{"id":113,"date":"2017-03-13T22:27:55","date_gmt":"2017-03-13T21:27:55","guid":{"rendered":"http:\/\/amadeus82.fr\/?page_id=113"},"modified":"2019-11-25T10:51:36","modified_gmt":"2019-11-25T09:51:36","slug":"reglement-interieur","status":"publish","type":"page","link":"https:\/\/amadeus82.fr\/index.php\/reglement-interieur\/","title":{"rendered":"R\u00e8glement int\u00e9rieur"},"content":{"rendered":"<p style=\"text-align: center;\"><strong>ASSOCIATION AMADEUS<\/strong><\/p>\n<p style=\"text-align: center;\"><strong>REGLEMENT INTERIEUR (16 septembre 2019)<\/strong><\/p>\n<p style=\"text-align: center;\"><strong>\u00a0<\/strong><\/p>\n<p style=\"text-align: center;\"><strong>ADHESIONS<\/strong><\/p>\n<p>Est adh\u00e9rente \u00e0 l\u2019association Amadeus toute personne \u00e0 jour de sa cotisation. L\u2019adh\u00e9sion est obligatoire pour b\u00e9n\u00e9ficier des services de l\u2019association, une seule adh\u00e9sion par famille est exig\u00e9e.<\/p>\n<p>Le montant de la cotisation annuelle est fix\u00e9 par le Conseil d\u2019Administration. Elle est due au moment de l\u2019inscription.<\/p>\n<p>Toute cotisation vers\u00e9e \u00e0 l\u2019association est d\u00e9finitivement acquise. Aucun remboursement de cotisation ne peut \u00eatre exig\u00e9 en cas de d\u00e9mission ou de radiation d\u2019un membre en cours d\u2019ann\u00e9e.<\/p>\n<p>Tout membre est tenu d\u2019informer le secr\u00e9taire de l\u2019association s\u2019il change de coordonn\u00e9es personnelles en cours d\u2019ann\u00e9e.<\/p>\n<p><strong>\u00a0<\/strong><\/p>\n<p style=\"text-align: center;\"><strong>INSTRUMENTS<\/strong><\/p>\n<p><strong>\u00a0<\/strong>L\u2019association Amadeus poss\u00e8de des instruments de musique qu\u2019elle loue, en priorit\u00e9, aux \u00e9l\u00e8ves de l\u2019Ecole Intercommunale de Musique (EIM). Elle peut \u00e9galement en louer \u00e0 des personnes ext\u00e9rieures \u00e0 l\u2019EIM.<\/p>\n<p>Pour louer, il faut \u00eatre adh\u00e9rent \u00e0 l\u2019association.<\/p>\n<p>Les conditions de location sont diff\u00e9rentes selon que l\u2019\u00e9l\u00e8ve appartienne ou non \u00e0 l\u2019EIM. Elles figurent sur le contrat (voir en annexe).<\/p>\n<p>Les montants de la location et de la caution sont d\u00e9termin\u00e9s chaque ann\u00e9e par le Conseil d\u2019Administration.<\/p>\n<p>Le locataire s&rsquo;engage \u00e0 maintenir l&rsquo;objet en parfait \u00e9tat de fonctionnement et \u00e0 remplacer l&rsquo;instrument lou\u00e9 en cas de perte, d\u00e9gradation totale ou partielle.<\/p>\n<p>Si un instrument lou\u00e9 n\u00e9cessite r\u00e9paration, l\u2019association fournit un instrument \u00e9quivalent le temps de celle-ci.<\/p>\n<p>A son retour, l\u2019instrument sera pr\u00e9sent\u00e9 au professeur et au r\u00e9f\u00e9rent Amadeus pour examen qui d\u00e9termineront \u00e9ventuellement s&rsquo;il y a lieu de le faire remettre en \u00e9tat ou de le remplacer.<\/p>\n<p>Le Conseil d&rsquo;Administration peut \u00e0 tout moment mettre fin \u00e0 la location et demander la restitution de l\u2019instrument. La restitution sera imm\u00e9diate lorsque le locataire perd sa qualit\u00e9 de membre de l\u2019association ou lorsque l\u2019\u00e9l\u00e8ve arr\u00eate ses \u00e9tudes \u00e0 l\u2019Ecole Intercommunale de Musique.<\/p>\n<p>L\u2019achat ou la vente d\u2019instruments par l\u2019association Amadeus est r\u00e9alis\u00e9e en fonction des besoins constat\u00e9s et apr\u00e8s autorisation du Conseil d\u2019Administration.<\/p>\n<p style=\"text-align: center;\"><strong>ASSURANCES<\/strong><\/p>\n<p style=\"text-align: left;\">Les instruments que loue l\u2019association Amadeus sont assur\u00e9s tous risques, y compris lors des transports, aupr\u00e8s de la Conf\u00e9d\u00e9ration Musicale de France (CMF).<\/p>\n<p>Les membres d\u2019Amadeus peuvent \u00e9galement assurer leurs instruments personnels aupr\u00e8s de la CMF.<\/p>\n<p>Lors des sorties culturelles organis\u00e9es par Amadeus l\u2019assurance de l\u2019association s\u2019applique except\u00e9 lors du transport pour lequel c\u2019est l\u2019assurance du conducteur qui s\u2019applique.<\/p>\n<p>L\u2019association doit informer clairement les parents des modalit\u00e9s du transport et leur faire signer un engagement. (voir en annexe)<\/p>\n<p style=\"text-align: center;\"><strong>FORMATIONS <\/strong><\/p>\n<p>Amadeus s\u2019attache \u00e0 trouver des occasions de spectacles en public pour que les formations de l\u2019association puissent se produire.<\/p>\n<p>Les formations peuvent demander l\u2019achat des partitions n\u00e9cessaires \u00e0 leurs activit\u00e9s. Un budget, compl\u00e9mentaire de celui de la GSTG, peut \u00eatre \u00e9tabli pour chaque formation s\u2019il y lieu.<\/p>\n<p>Pour les concerts organis\u00e9s dans le cadre de l\u2019Ecole Intercommunale de Musique, l\u2019association agit alors en tant que soutien dans l\u2019organisation. Dans ce cas, la GSTG prend en charge la SACEM.<\/p>\n<p style=\"text-align: center;\"><strong>DIVERS<\/strong><\/p>\n<p><strong>\u00a0<\/strong><strong>REMUNERATIONS<\/strong><\/p>\n<p>L\u2019association peut\u00a0:<\/p>\n<p>&#8211;\u00a0\u00a0 r\u00e9mun\u00e9rer un professionnel sur la base d\u2019un contrat de travail dument \u00e9tabli (GUSO),<\/p>\n<p>&#8211;\u00a0\u00a0 payer les services rendus par une autre association,<\/p>\n<p>&#8211;\u00a0\u00a0 d\u00e9frayer un intervenant ext\u00e9rieur ou un membre de l\u2019association de ses frais de d\u00e9placement et\/ou de nourriture sur pr\u00e9sentation de justificatifs d\u00e9taill\u00e9s,<\/p>\n<p>&#8211;\u00a0\u00a0 offrir un cadeau \u00e0 un intervenant pour le remercier d\u2019une action au b\u00e9n\u00e9fice de l\u2019association.<\/p>\n<p><strong>\u00a0<\/strong><strong>L<\/strong><strong>OCAUX<\/strong><\/p>\n<p>Les locaux ainsi que le mat\u00e9riel mis \u00e0 disposition de l\u2019association doivent \u00eatre maintenus en bon \u00e9tat. Il est demand\u00e9 \u00e0 tous les membres de l\u2019association de remettre les \u00e9quipements en place.<\/p>\n<p>Tout membre de l\u2019association utilisant les locaux de l\u2019EIM doit respecter le r\u00e8glement de l\u2019EIM.<\/p>\n<p><strong>DROIT A L\u2019IMAGE<\/strong><\/p>\n<p>Le bulletin d\u2019inscription sollicite un avis obligatoire du membre majeur ou du responsable l\u00e9gal du membre mineur pour autorisation ou refus de figuration sur les documents photographiques ou vid\u00e9ographiques en relation avec les activit\u00e9s individuelles ou collectives, p\u00e9dagogiques, musicales de l\u2019association.<\/p>\n<p>Les adh\u00e9rents peuvent \u00e0 tout moment demander la consultation des comptes aupr\u00e8s du tr\u00e9sorier ou tr\u00e9sorier adjoint.<\/p>\n<p>Un exemplaire du r\u00e8glement int\u00e9rieur sera remis \u00e0 l\u2019adh\u00e9rent lors de l\u2019inscription. Il s\u2019engage \u00e0 en prendre connaissance et \u00e0 le respecter.<\/p>\n<p>Fait \u00e0 Grisolles, le 16 septembre 2019<\/p>\n<p>Le Pr\u00e9sident d\u2019Amadeus<\/p>\n<p>Jean-Louis FALZON<\/p>\n<hr \/>\n<p style=\"text-align: center;\"><strong>ASSOCIATION AMADEUS<\/strong><\/p>\n<p style=\"text-align: center;\"><strong>REGLEMENT INTERIEUR (31 janvier 2017)<\/strong><\/p>\n<p style=\"text-align: center;\"><strong>ADHESIONS<\/strong><\/p>\n<p>Doit adh\u00e9rer \u00e0 l\u2019Association Amadeus toute personne qui loue un instrument aupr\u00e8s de l\u2019Association. Une seule adh\u00e9sion par famille est exig\u00e9e.<\/p>\n<p>L\u2019Association Amadeus appr\u00e9cie qu\u2019il soit fait \u00e9tat de son existence et des services qu\u2019elle propose lors de l\u2019inscription des \u00e9l\u00e8ves en d\u00e9but d\u2019ann\u00e9e scolaire \u00e0 l\u2019Ecole Intercommunale de Musique.<\/p>\n<p>Amadeus souhaite que les instrumentistes des orchestres : Harmonies, Band de Jazz ou JOG, y adh\u00e9rent \u00e9galement. Ils t\u00e9moignent ainsi de leur attachement \u00e0 une Association qui, entre autres choses, contribue \u00e0 l\u2019achat des partitions.<\/p>\n<p>Le montant de la cotisation annuelle est fix\u00e9 par le Conseil d\u2019Administration. Elle est due au moment de l\u2019inscription.<\/p>\n<p>Toute cotisation vers\u00e9e \u00e0 l\u2019Association est d\u00e9finitivement acquise. Aucun remboursement de cotisation ne peut \u00eatre exig\u00e9 en cas de d\u00e9mission ou de radiation d\u2019un membre en cours d\u2019ann\u00e9e. Seules les d\u00e9missions li\u00e9es \u00e0 des cas de force majeure pourront faire l\u2019objet d\u2019un remboursement des droits d\u2019inscription. Entrent dans ce cadre :<\/p>\n<ul>\n<li>un d\u00e9m\u00e9nagement pour cause professionnelle,<\/li>\n<li>une raison de sant\u00e9 affectant l\u2019\u00e9l\u00e8ve et rendant impossible la pratique de la musique.<\/li>\n<\/ul>\n<p>Toute demande de remboursement est soumise \u00e0 l\u2019avis du Conseil d\u2019Administration.<\/p>\n<p>Tout membre est tenu d\u2019informer le secr\u00e9taire de l\u2019Association s\u2019il change de coordonn\u00e9es personnelles en cours d\u2019ann\u00e9e.<\/p>\n<p style=\"text-align: center;\"><strong>INSTRUMENTS<\/strong><\/p>\n<p>Amadeus poss\u00e8de des instruments de musique qu\u2019elle peut louer aux \u00e9l\u00e8ves de l\u2019Ecole Intercommunale de Musique, \u00e0 la condition d\u2019adh\u00e9rer \u00e0 l\u2019Association.<\/p>\n<p>Les conditions de location sont les suivantes\u00a0:<\/p>\n<ul>\n<li>Il est fait pour chaque instrument une fiche portant ses caract\u00e9ristiques.<\/li>\n<li>La location se fait au trimestre, trois trimestres par an\u00a0; les \u00e9l\u00e8ves gardant l\u2019instrument lou\u00e9 pendant les vacances scolaires.<\/li>\n<li>Tout instrument propos\u00e9 \u00e0 la location est reconnu \u00eatre pris en bon \u00e9tat.<\/li>\n<li>La location est accord\u00e9e contre remise d&rsquo;un ch\u00e8que de caution, \u00e0 renouveler \u00e0 chaque d\u00e9but de saison. Le ch\u00e8que n&rsquo;est pas encaiss\u00e9, sauf en cas de non-restitution de l&rsquo;instrument apr\u00e8s demande de l&rsquo;Association.<\/li>\n<li>Le montant de la location et de la caution sont d\u00e9termin\u00e9s chaque ann\u00e9e par le Conseil d\u2019Administration et figurent en annexe.<\/li>\n<li>Les consommables (anches, cordes, peaux, etc\u2026) sont \u00e0 la charge du loueur.<\/li>\n<li>Le loueur s&rsquo;engage\u00a0:\n<ul>\n<li>\u00e0 maintenir l&rsquo;objet en parfait \u00e9tat de fonctionnement,<\/li>\n<li>\u00e0 remplacer l&rsquo;instrument lou\u00e9 en cas de perte, d\u00e9gradation totale ou partielle.<\/li>\n<\/ul>\n<\/li>\n<li>A son retour, l\u2019instrument sera pr\u00e9sent\u00e9 \u00e0 l&rsquo;enseignant pour examen et d\u00e9terminera \u00e9ventuellement, en accord avec un membre du bureau, s&rsquo;il y a lieu de le faire remettre en \u00e9tat ou de le remplacer.<\/li>\n<li>Si un instrument lou\u00e9 n\u00e9cessite r\u00e9paration, Amadeus pr\u00eate un nouvel instrument le temps de celle-ci.<\/li>\n<\/ul>\n<p>Le Conseil d&rsquo;Administration peut \u00e0 tout moment mettre fin \u00e0 la location et demander la restitution de l\u2019instrument. La restitution sera imm\u00e9diate lorsque le loueur perd sa qualit\u00e9 de membre de l\u2019Association ou lorsque l\u2019\u00e9l\u00e8ve arr\u00eate ses \u00e9tudes \u00e0 l\u2019Ecole Intercommunale de Musique.<\/p>\n<p>Un membre de l&rsquo;Association souhaitant acqu\u00e9rir un instrument, peut en faire la demande aupr\u00e8s du Conseil d&rsquo;Administration, qui peut accepter ou refuser sans avoir \u00e0 motiver sa d\u00e9cision.<\/p>\n<p>L\u2019acquisition pour la location d\u2019instruments par AMADEUS est r\u00e9alis\u00e9e en fonction des besoins constat\u00e9s.<\/p>\n<p style=\"text-align: center;\"><strong>ASSURANCES<\/strong><\/p>\n<p>Les instruments que loue Amadeus sont assur\u00e9s tous risques, y compris lors des transports, aupr\u00e8s de la Conf\u00e9d\u00e9ration Musicale de France (CMF).<\/p>\n<p>Les membres d\u2019Amadeus peuvent \u00e9galement assurer leurs instruments personnels aupr\u00e8s de la CMF.<\/p>\n<p>Lors des sorties culturelles organis\u00e9es par l\u2019Ecole de Musique, la responsabilit\u00e9 des \u00e9l\u00e8ves mineurs est couverte par la responsabilit\u00e9 civile des parents.<\/p>\n<p style=\"text-align: center;\"><strong>LES ORCHESTRES<\/strong><\/p>\n<p>La pratique musicale ne trouve tout son sens que si elle est associ\u00e9e \u00e0 une prestation publique, aussi il est bon que tout \u00e9l\u00e8ve sollicit\u00e9 participe \u00e0 la vie de l\u2019Association Amadeus au travers de ses manifestations et ainsi faire conna\u00eetre les activit\u00e9s et contribuer au rayonnement de l\u2019Ecole Intercommunale de Musique.<\/p>\n<p>Amadeus s\u2019attache \u00e0 trouver des occasions de spectacles en public pour que Harmonies, Band de Jazz ou JOG puissent se produire sur tout le territoire de la GSTG.<\/p>\n<p>Les orchestres peuvent demander l\u2019achat des partitions n\u00e9cessaires \u00e0 leurs activit\u00e9s. Un budget, compl\u00e9mentaire de celui de la GSTG, peut \u00eatre \u00e9tabli pour chaque orchestre.<\/p>\n<p>Les concerts sont\u00a0organis\u00e9s dans le cadre de l\u2019Ecole Intercommunale de Musique. Amadeus agit alors en tant que soutien dans l\u2019organisation. Dans ce cas, la CSTG prend en charge la SACEM.<\/p>\n<p style=\"text-align: center;\"><strong>DIVERS<\/strong><\/p>\n<p><strong>L<\/strong><strong>OCAUX<\/strong><\/p>\n<p>Les locaux ainsi que le mat\u00e9riel mis \u00e0 disposition de l\u2019Association doivent \u00eatre maintenus en bon \u00e9tat. Il est demand\u00e9 \u00e0 tous les membres de l\u2019Association de remettre les \u00e9quipements en place.<\/p>\n<p>Les cl\u00e9s et le mat\u00e9riel mis \u00e0 disposition doivent entre imp\u00e9rativement restitu\u00e9s apr\u00e8s chaque utilisation.<\/p>\n<p>Le mat\u00e9riel laiss\u00e9 dans les locaux de l\u2019EIM par un instrumentiste est sous la responsabilit\u00e9 de son propri\u00e9taire.<\/p>\n<p>Il est interdit de fumer dans les locaux.<\/p>\n<p><strong>DROIT A L\u2019IMAGE<\/strong><\/p>\n<p>Le bulletin d\u2019inscription sollicite un avis obligatoire du membre majeur ou du responsable l\u00e9gal du membre mineur pour autorisation ou refus de figuration sur les documents photographiques ou vid\u00e9ographiques en relation avec les activit\u00e9s, individuelles ou collectives, p\u00e9dagogiques, musicales de l\u2019Association.<\/p>\n<p>Les adh\u00e9rents peuvent \u00e0 tout moment demander la consultation des comptes aupr\u00e8s du tr\u00e9sorier ou tr\u00e9sorier adjoint.<\/p>\n<p>Les adh\u00e9rents s\u2019engagent \u00e0 prendre connaissance et \u00e0 respecter le r\u00e8glement int\u00e9rieur.<\/p>\n<p>Fait \u00e0 Grisolles, le 31 janvier 2017<\/p>\n<p>Le Pr\u00e9sident d\u2019Amadeus<\/p>\n<p>Jean-Louis FALZON<\/p>\n","protected":false},"excerpt":{"rendered":"<p>ASSOCIATION AMADEUS REGLEMENT INTERIEUR (16 septembre 2019) \u00a0 ADHESIONS Est adh\u00e9rente \u00e0 l\u2019association Amadeus toute personne \u00e0 jour de sa cotisation. L\u2019adh\u00e9sion est obligatoire pour b\u00e9n\u00e9ficier des services de l\u2019association, une seule adh\u00e9sion par famille est exig\u00e9e. Le montant de la cotisation annuelle est fix\u00e9 par le Conseil d\u2019Administration. Elle est due au moment de &hellip; <a href=\"https:\/\/amadeus82.fr\/index.php\/reglement-interieur\/\" class=\"more-link\">Continuer la lecture de <span class=\"screen-reader-text\">R\u00e8glement int\u00e9rieur<\/span><\/a><\/p>\n","protected":false},"author":1,"featured_media":0,"parent":0,"menu_order":0,"comment_status":"closed","ping_status":"closed","template":"","meta":{"footnotes":""},"class_list":["post-113","page","type-page","status-publish","hentry"],"_links":{"self":[{"href":"https:\/\/amadeus82.fr\/index.php\/wp-json\/wp\/v2\/pages\/113","targetHints":{"allow":["GET"]}}],"collection":[{"href":"https:\/\/amadeus82.fr\/index.php\/wp-json\/wp\/v2\/pages"}],"about":[{"href":"https:\/\/amadeus82.fr\/index.php\/wp-json\/wp\/v2\/types\/page"}],"author":[{"embeddable":true,"href":"https:\/\/amadeus82.fr\/index.php\/wp-json\/wp\/v2\/users\/1"}],"replies":[{"embeddable":true,"href":"https:\/\/amadeus82.fr\/index.php\/wp-json\/wp\/v2\/comments?post=113"}],"version-history":[{"count":7,"href":"https:\/\/amadeus82.fr\/index.php\/wp-json\/wp\/v2\/pages\/113\/revisions"}],"predecessor-version":[{"id":888,"href":"https:\/\/amadeus82.fr\/index.php\/wp-json\/wp\/v2\/pages\/113\/revisions\/888"}],"wp:attachment":[{"href":"https:\/\/amadeus82.fr\/index.php\/wp-json\/wp\/v2\/media?parent=113"}],"curies":[{"name":"wp","href":"https:\/\/api.w.org\/{rel}","templated":true}]}}